{"id":189,"date":"2014-02-20T20:57:27","date_gmt":"2014-02-20T20:57:27","guid":{"rendered":"http:\/\/localhost\/videocorso\/?page_id=189"},"modified":"2026-02-27T19:16:18","modified_gmt":"2026-02-27T18:16:18","slug":"a-c-giovanissimi","status":"publish","type":"page","link":"https:\/\/www.parrocchiadipraglia.it\/?page_id=189","title":{"rendered":"A.C. &#8211; Giovanissimi &#8211; Giovani"},"content":{"rendered":"<p><span style=\"font-family: verdana,geneva,sans-serif;\"><strong>Gruppo giovani<\/strong>. Prossimo appuntamento <span style=\"color: #800000;\"><strong>luned\u00ec 9 marzo 2026<\/strong><\/span>. Il gruppo \u00e8 un luogo importante per maturare insieme e irrobustire percorsi di crescita.<\/span><\/p>\n<hr \/>\n<p><span style=\"font-family: verdana,geneva,sans-serif;\"><strong>Gruppo giovanissimi<\/strong>. Quest\u2019anno vorremmo fare una proposta diversa di campo estivo: un campo itinerante, a piedi. Invitiamo i genitori <strong><span style=\"color: #800000;\">gioved\u00ec 12 marzo 2026<\/span><\/strong>, alle ore 20.45 per presentare il campo. <\/span><\/p>\n<hr \/>\n<p><span style=\"font-family: verdana,geneva,sans-serif;\"><strong>Gruppo Giovani<\/strong>. Il prossimo appuntamento sar\u00e0 <strong><span style=\"color: #800000;\">domenica 1 febbraio 2026<\/span><\/strong> per la Messa delle 8.00 e poi per una breve camminata insieme. Un\u2019occasione semplice per ritrovarsi e ripartire dopo il tempo di Natale.<\/span><\/p>\n<hr \/>\n<p><span style=\"font-family: verdana,geneva,sans-serif;\"><strong>Inizia il gruppo giovani<\/strong>. <span style=\"color: #800000;\"><strong>Luned\u00ec 17 novembre 2025<\/strong><\/span> primo incontro per i giovani della parrocchia. Il filo conduttore degli incontri sar\u00e0 come essere cristiani dentro le grandi sfide sociali e culturali del nostro tempo. <i>Poi il luned\u00ec successivo, 24 novembre, Veglia di preghiera diocesana per tutti i giovani.<\/i><\/span><\/p>\n<hr \/>\n<p><span style=\"font-family: verdana,geneva,sans-serif;\"><strong>Il gruppo giovani<\/strong>. <\/span><br \/>\n<span style=\"font-family: verdana,geneva,sans-serif;\"><span style=\"color: #800000;\"><strong>domenica 26 ottobre 2025<\/strong><\/span> ci sar\u00e0<\/span><span style=\"font-family: verdana,geneva,sans-serif;\">Il primo ritrovo alla Messa delle 10.00; subito dopo Messa una raccolta di idee per il percorso del prossimo anno.<\/span><\/p>\n<hr \/>\n<p><span style=\"font-family: verdana,geneva,sans-serif;\"><strong>Gruppo giovanissimi<\/strong>. Riparte questa esperienza cos\u00ec importante per gli adolescenti: li aspettiamo <strong><span style=\"color: #800000;\">mercoled\u00ec 15 ottobre 2025<\/span><\/strong> alle ore 20.45, in centro parrocchiale.<\/span><\/p>\n<hr \/>\n<p><strong><span style=\"font-family: verdana,geneva,sans-serif;\">Giubileo 2025\u00a0<\/span> <\/strong><br \/>\n<span style=\"font-family: verdana,geneva,sans-serif;\"><strong>I giovanissimi e il Giubileo<\/strong>. Ogni domenica destiniamo il 20% delle offerte al Giubileo dei nostri giovanissimi (24 tra giovanissimi ed educatori saranno a Roma dal 25 al 27 aprile). Questo segno, di cui riportiamo in ogni foglietto l\u2019importo di quanto raccolto, ci ricorda che siamo tutti coinvolti e partecipi della loro esperienza.<\/span><\/p>\n<hr \/>\n<p><span style=\"font-family: verdana,geneva,sans-serif;\"><strong>Giubileo 2025\u00a0<\/strong><\/span><br \/>\n<span style=\"font-family: verdana,geneva,sans-serif;\"><strong><span style=\"color: #800000;\">Domenica 16 febbraio 2025<\/span> &#8211; Il 20% delle offerte domenicali per il Giubileo degli adolescenti<\/strong>. Destineremo il 20% di tutte le offerte domenicali all\u2019esperienza del Giubileo dei nostri giovanissimi (25 -27 aprile 2025). Partiranno 21 adolescenti accompagnati da 3 educatori. E\u2019 davvero un bel segno che va sostenuto non solo economicamente ma anche affettivamente. Ogni domenica nel foglietto segnaleremo quanto raccoglieremo per il Giubileo dei giovanissimi. Prossimamente cercheremo di entrare nei significati profondi del Giubileo: il pellegrinaggio, la porta santa e l\u2019indulgenza.<\/span><\/p>\n<hr \/>\n<p><strong><span style=\"font-family: verdana,geneva,sans-serif; font-size: 12pt;\">RITIRO GIOVANISIMI<\/span><\/strong><br \/>\n<span style=\"font-family: verdana,geneva,sans-serif;\"><span style=\"color: #800000;\"><strong><span style=\"font-size: 12pt;\">Gioved\u00ec 21 dicembre 2023<\/span><\/strong><\/span> alle ore 20.45 a San Benedetto ci sar\u00e0 il Ritiro dei Giovanissimi.<\/span><\/p>\n<hr \/>\n<p><strong><span style=\"font-family: verdana,geneva,sans-serif; font-size: 12pt;\">GRUPPO GIOVANI<\/span><\/strong><br \/>\n<span style=\"font-family: verdana,geneva,sans-serif;\"><span style=\"color: #800000;\"><strong><span style=\"font-size: 12pt;\">Venerd\u00ec 1 dicembre 2023<\/span><\/strong><\/span> a San Benedetto alle ore 20.30 ci sar\u00e0 la riunione del Gruppo Giovani.<\/span><\/p>\n<hr \/>\n<p><strong><span style=\"font-family: verdana,geneva,sans-serif; font-size: 12pt;\">GIOVANISSIMI<\/span><\/strong><br \/>\n<span style=\"font-family: verdana,geneva,sans-serif;\"><span style=\"color: #800000;\"><strong><span style=\"font-size: 12pt;\">Mercoled\u00ec 22 novembre 2023<\/span><\/strong><\/span> alle ore 20.45 a Praglia il gruppo dei Giovanissimi si raccoglie per l\u2019incontro di formazione previsto.<\/span><\/p>\n<hr \/>\n<p><span style=\"font-size: 12pt;\"><strong><span style=\"font-family: verdana,geneva,sans-serif;\">GRUPPO GIOVANISSIMI<\/span><\/strong><\/span><br \/>\n<span style=\"font-family: verdana,geneva,sans-serif;\"><span style=\"font-size: 12pt; color: #800000;\"><strong>Mercoled\u00ec 8 novembre 2023<\/strong><\/span> alle ore 20.45 a Praglia sono invitati i Giovanissimi per il loro incontro.<\/span><\/p>\n<hr \/>\n<p><span style=\"font-size: 12pt;\"><strong><span style=\"font-family: verdana,geneva,sans-serif;\">GRUPPO GIOVANI PRAGLIA<\/span><\/strong><\/span><br \/>\n<span style=\"font-family: verdana,geneva,sans-serif;\"><span style=\"color: #800000;\"><strong><span style=\"font-size: 12pt;\">Venerd\u00ec 3 novembre 2023<\/span><\/strong><\/span> il Gruppo Giovani, che comprende tutti i ragazzi e le ragazze dai 18 ai 30 anni, avr\u00e0 il suo primo incontro alle ore 20.30 a Praglia.<\/span><\/p>\n<hr \/>\n<p><span style=\"font-size: 12pt; color: #000000;\"><strong><span style=\"font-family: verdana,geneva,sans-serif;\">GIOVANISSIMI<\/span><\/strong><\/span><br \/>\n<span style=\"font-family: verdana,geneva,sans-serif;\"><span style=\"font-size: 12pt; color: #800000;\"><strong>Gioved\u00ec 19 ottobre 2023<\/strong><\/span> alle ore 20.30 in patronato a Praglia sono convocati i Giovanissimi per il loro primo incontro annuale.<\/span><\/p>\n<hr \/>\n<p><span style=\"font-size: 12pt;\"><strong><span style=\"font-family: verdana,geneva,sans-serif;\">GRUPPO GIOVANI PRAGLIA<\/span><\/strong><\/span><br \/>\n<span style=\"font-family: verdana,geneva,sans-serif;\">Con l\u2019avvio del nuovo anno pastorale ci sar\u00e0 anche la proposta di un Gruppo Giovani parrocchiale: una splendida opportunit\u00e0 di incontro per i ragazzi dai 18 ai 30 anni. Mauro 3395820202 Claudia 3402648501.<\/span><\/p>\n<hr \/>\n<p><span style=\"font-family: verdana,geneva,sans-serif; font-size: 12pt;\"><strong>GIOVANISSIMI<\/strong><\/span><br \/>\n<span style=\"font-family: verdana,geneva,sans-serif;\"><span style=\"font-size: 12pt; color: #800000;\"><strong>Gioved\u00ec 4 maggio 2023<\/strong><\/span>, alle ore 20.30 a Praglia\u00a0 in auletta TV\u00a0 il gruppo dei Giovanissimi si riunir\u00e0 per le attivit\u00e0 e la formazione.<\/span><\/p>\n<hr \/>\n<p><span style=\"font-family: verdana,geneva,sans-serif; font-size: 12pt;\"><strong>GIOVANISSIMI<\/strong><\/span><br \/>\n<span style=\"font-family: verdana,geneva,sans-serif;\"><span style=\"font-size: 12pt; color: #800000;\"><strong>Mercoled\u00ec 19 aprile 2023<\/strong><\/span>, alle ore 20.30 a Praglia in auletta TV ci sar\u00e0 l\u2019incontro dei Giovanissimi.<\/span><\/p>\n<hr \/>\n<p><span style=\"font-family: verdana,geneva,sans-serif; font-size: 12pt;\"><strong>GIOVANISSIMI<\/strong><\/span><br \/>\n<span style=\"font-family: verdana,geneva,sans-serif;\"><span style=\"font-size: 12pt; color: #800000;\"><strong>Mercoled\u00ec 29 marzo 2023<\/strong><\/span>, a Praglia in auletta TV alle ore 20.30 incontro per i Giovanissimi.<\/span><\/p>\n<hr \/>\n<p><span style=\"font-family: verdana,geneva,sans-serif; font-size: 12pt;\"><strong>GIOVANISSIMI<\/strong><\/span><br \/>\n<span style=\"font-family: verdana,geneva,sans-serif;\"><strong><span style=\"color: #800000; font-size: 12pt;\">Venerd\u00ec 24 marzo 2023<\/span>,<\/strong> a Praglia alle ore 20.30 incontro dei Giovanissimi.<\/span><\/p>\n<hr \/>\n<p><span style=\"font-family: verdana,geneva,sans-serif; font-size: 12pt;\"><strong>GIOVANISSIMI<\/strong><\/span><br \/>\n<span style=\"font-family: verdana,geneva,sans-serif;\"><span style=\"font-size: 12pt; color: #800000;\"><strong>Venerd\u00ec 10 marzo 2023<\/strong><\/span>, in auletta TV a Praglia ci sar\u00e0 l\u2019incontro per i Giovanissimi.<\/span><\/p>\n<hr \/>\n<p><span style=\"font-size: 12pt;\"><strong>GIOVANISSIMI<\/strong><\/span><br \/>\n<span style=\"font-size: 12pt; color: #800000;\"><strong>Venerd\u00ec 24 febbraio 2023<\/strong><\/span>, alle ore 20.30 a Praglia ci sar\u00e0 l\u2019incontro dei Giovanissimi.<\/p>\n<hr \/>\n<p><span style=\"font-size: 12pt;\"><strong>GIOVANISSIMI<\/strong><\/span><br \/>\n<span style=\"font-size: 12pt; color: #800000;\"><strong>Venerd\u00ec 27 gennaio 2023<\/strong><\/span>, alle ore 20.30 a Praglia tutti i Giovanissimi si incontreranno a Praglia per la loro formazione e i loro programmi.<\/p>\n<hr \/>\n<p><span style=\"font-family: verdana,geneva,sans-serif; font-size: 12px;\"><strong>GIOVANISSIMI<\/strong><\/span><br \/>\n<span style=\"font-family: verdana,geneva,sans-serif;\"><span style=\"font-size: 12px; color: #800000;\"><strong>Sabato 24 dicembre 2022<\/strong><\/span>, alle ore 17.30 a Praglia il gruppo Giovanissimi vivr\u00e0<\/span><br \/>\n<span style=\"font-family: verdana,geneva,sans-serif;\">il suo Ritiro di Natale<\/span><\/p>\n<hr \/>\n<p><span style=\"font-size: 12px;\"><span style=\"font-family: verdana,geneva,sans-serif;\"><strong>MAGNA VIA FRANCIGENA<\/strong><\/span><\/span><br \/>\n<span style=\"color: #b22222;\"><span style=\"font-size: 12px;\"><span style=\"font-family: verdana,geneva,sans-serif;\"><strong>Domenica 27 marzo 2022<\/strong><\/span><\/span><\/span><span style=\"font-size: 11px;\"><span style=\"font-family: verdana,geneva,sans-serif;\">, alle<\/span><\/span> <span style=\"font-size: 11px;\"><span style=\"font-family: verdana,geneva,sans-serif;\">16.30 a San Benedetto, incontro per i giovani in preparazione dell\u2019esperienza estiva lungo la Magna via Francigena che va da Palermo ad Agrigento dal 23 agosto al 3 settembre.<\/span><\/span><\/p>\n<hr \/>\n<p><span style=\"font-size: 12px;\"><strong><span style=\"font-family: verdana,geneva,sans-serif;\">GIOVANISSIMI<\/span><\/strong><\/span><br \/>\n<span style=\"color: #b22222;\"><span style=\"font-size: 12px;\"><span style=\"font-family: verdana,geneva,sans-serif;\"><strong>Mercoled\u00ec 12 gennaio 2022<\/strong><\/span><\/span><\/span><span style=\"font-size: 11px;\"><span style=\"font-family: verdana,geneva,sans-serif;\"> a San Benedetto alle ore 20.45\u00a0 i Giovanissimi sono invitati al loro incontro.<\/span><\/span><\/p>\n<hr \/>\n<p><span style=\"font-size: 12px;\"><strong><span style=\"font-family: verdana,geneva,sans-serif;\">GIOVANISSIMI<\/span><\/strong><\/span><br \/>\n<span style=\"color: #b22222;\"><span style=\"font-size: 12px;\"><span style=\"font-family: verdana,geneva,sans-serif;\"><strong>Mercoled\u00ec 22 dicembre 2021<\/strong><\/span><\/span><\/span><span style=\"font-size: 11px;\"><span style=\"font-family: verdana,geneva,sans-serif;\">, alle ore 20,30 a San Benedetto il Gruppo dei Giovanissimi avr\u00e0 il ritiro in preparazione al Natale di Ges\u00f9, guidato da don Antonio. La loro allegra e problematica\u00a0 et\u00e0 ha bisogno di tenere accesa la connessione con gli spazi interstellari dove la\u00a0 presenza di Lui brilla tra gli astri come nel cuore di ciascuno.<\/span><\/span><\/p>\n<hr \/>\n<p><span style=\"font-size: 12px;\"><strong><span style=\"font-family: verdana,geneva,sans-serif;\">GIOVANI IN RITIRO<\/span><\/strong><\/span><br \/>\n<span style=\"font-size: 11px;\"><span style=\"font-family: verdana,geneva,sans-serif;\">Per tutti i giovani desiderosi di entrare in se stessi ed incontrare il mistero del Natale che li abita, i giorni <\/span><\/span><span style=\"color: #b22222;\"><span style=\"font-size: 12px;\"><span style=\"font-family: verdana,geneva,sans-serif;\"><strong>28-30 dicembre 2021<\/strong><\/span><\/span><\/span><span style=\"font-size: 11px;\"><span style=\"font-family: verdana,geneva,sans-serif;\"> nella casa San Benedetto alle Selve c\u2019\u00e8 un incontro spirituale sul tema \u201cIl mistero del Natale in Noi\u201d. <span style=\"color: #006400;\"><em>Info.: Alessandro\u00a0 cell. 2491657435<\/em><\/span><\/span><\/span><\/p>\n<hr \/>\n<p><span style=\"font-size: 12px;\"><strong><span style=\"font-family: verdana,geneva,sans-serif;\">GIOVANISSIMI<\/span><\/strong><\/span><br \/>\n<span style=\"color: #b22222;\"><span style=\"font-size: 12px;\"><span style=\"font-family: verdana,geneva,sans-serif;\"><strong>Mercoled\u00ec 15 dicembre 2021<\/strong><\/span><\/span><\/span><span style=\"font-size: 11px;\"><span style=\"font-family: verdana,geneva,sans-serif;\">, alle ore 20.30 a San Benedetto, il gruppo dei Giovanissimi \u00e8 invitato all\u2019incontro di formazione inerente le motivazioni che portano alle scelte della loro et\u00e0. Don Antonio guider\u00e0 questo interessante appuntamento.<\/span><\/span><\/p>\n<hr \/>\n<p><a href=\"https:\/\/www.parrocchiadipraglia.it\/wp-content\/uploads\/2014\/02\/Missio-Meeting-Giovani.jpg\"><img decoding=\"async\" loading=\"lazy\" width=\"150\" height=\"149\" class=\"alignleft size-thumbnail wp-image-6247\" style=\"height: 58px; width: 59px;\" src=\"https:\/\/www.parrocchiadipraglia.it\/wp-content\/uploads\/2014\/02\/Missio-Meeting-Giovani-150x149.jpg\" alt=\"Missio Meeting Giovani\" \/><\/a><span style=\"font-size: 12px;\"><strong><span style=\"font-family: verdana,geneva,sans-serif;\">MEETING<\/span><\/strong><\/span><br \/>\n<span style=\"color: #b22222;\"><span style=\"font-size: 12px;\"><span style=\"font-family: verdana,geneva,sans-serif;\"><strong>Domenica 17 ottobre 2021<\/strong><\/span><\/span><\/span><span style=\"font-size: 11px;\"><span style=\"font-family: verdana,geneva,sans-serif;\"> dalle ore 9,15 alle ore 18.00 tutti i giovani sono invitati a Salboro al Mission Meeting Giovani 2021. Nel loro entusiasmo si troveranno attorno al tema \u201cI<\/span><\/span><span style=\"font-size: 11px;\"><span style=\"font-family: verdana,geneva,sans-serif;\">n prima persona plurale\u201d.<\/span><\/span><\/p>\n<hr \/>\n<p><a href=\"https:\/\/www.parrocchiadipraglia.it\/wp-content\/uploads\/2014\/02\/Santuario-Lussari.jpg\"><img decoding=\"async\" loading=\"lazy\" width=\"150\" height=\"150\" class=\"alignleft size-thumbnail wp-image-6044\" style=\"height: 73px; width: 73px;\" src=\"https:\/\/www.parrocchiadipraglia.it\/wp-content\/uploads\/2014\/02\/Santuario-Lussari-150x150.jpg\" alt=\"Santuario Lussari\" \/><\/a><span style=\"font-size: 12px;\"><span style=\"font-family: verdana,geneva,sans-serif;\"><strong>IL CAMMINO CELESTE<\/strong><\/span><\/span><br \/>\n<span style=\"font-size: 11px;\"><span style=\"font-family: verdana,geneva,sans-serif;\">Per i giovani \u00e8 in cantiere una esperienza formativa forte in Friuli. Un Cammino che parte da Aquileia, antica sede del patriarcato veneto, e giunge nel santuario mariano del monte Lussari. <span style=\"color: #006400;\"><strong>La partenza \u00e8 fissata per il 23 agosto e l\u2019arrivo per il 4 settembre<\/strong>.<\/span><br \/>\n<strong><em>P<\/em><\/strong><\/span><\/span><span style=\"font-size: 11px;\"><span style=\"font-family: verdana,geneva,sans-serif;\"><strong><em>er le adesioni e l\u2019informazione:. Alessia 3337265252<\/em><\/strong><\/span><\/span><\/p>\n<hr \/>\n<p><span style=\"font-size: 11px;\"><span style=\"font-family: verdana,geneva,sans-serif;\"><strong>DA LA VERNA AD ASSISI<\/strong><br \/>\nPer il gruppo coppie e gli adulti che lo desiderano \u00e8 in cantiere una esperienza all\u2019aperto che <span style=\"color: #006400;\"><strong>parte da La Verna il 17 giugno e si conclude ad Assisi il 28<\/strong><\/span>. E\u2019 il percorso attraverso i luoghi cari alla vita di san Francesco d\u2019Assisi.<br \/>\n<em><strong>Per informazioni ed adesione:. Laura 328 7866157\u00a0<\/strong><\/em><\/span><\/span><\/p>\n<hr \/>\n<p><span style=\"font-size: 12px;\"><span style=\"font-family: verdana,geneva,sans-serif;\"><strong>TESTIMONI DI CARITA\u2019<\/strong><\/span><\/span><strong> &#8211; <span style=\"color: #b22222;\"><span style=\"font-size: 12px;\"><span style=\"font-family: verdana,geneva,sans-serif;\">NATALE 2020<\/span><\/span><\/span><\/strong><br \/>\n<span style=\"color: #ff8c00;\"><span style=\"font-size: 12px;\"><span style=\"font-family: verdana,geneva,sans-serif;\"><strong>1. Animatori Praglia<\/strong><\/span><\/span><\/span><br \/>\n<span style=\"font-size: 11px;\"><span style=\"font-family: verdana,geneva,sans-serif;\">Il gruppo Animatori della nostra parrocchia ha donato il frutto del suo lavoro alla Caritas di Praglia quale segno di solidariet\u00e0 con i pi\u00f9 poveri. Cos\u00ec l\u2019animazione che gi\u00e0 esprime un generoso servizio si fa parte attiva nella Carit\u00e0 in questo tempo di fragilit\u00e0. <\/span><\/span><br \/>\n<span style=\"color: #0000cd;\"><span style=\"font-size: 12px;\"><span style=\"font-family: verdana,geneva,sans-serif;\"><strong>2. Missione solidariet\u00e0<\/strong><\/span><\/span><\/span><br \/>\n<span style=\"font-size: 11px;\"><span style=\"font-family: verdana,geneva,sans-serif;\">\u201cGentile direttore, domenica 27 dicembre sono andato a consegnare 25 vaschette con dentro un bel risotto fumante a tanti poveri dietro l\u2019ospedale Santo Spirito di Roma, in zona via della Conciliazione e intorno al colonnato di San Pietro. La mia associazione, fondata ormai un anno fa dal mio amico professor Angelo Romeo, si chiama Missione Solidariet\u00e0: tra gli altri ho incontrato Emilia, che mi ha detto di essere golosissima e ha quindi subito accettato anche i biscotti e il panettoncino che avevo portato; mi ha sorriso, mi ha detto di sedermi vicino a lei sul gradino e poi mi ha chiesto se volevo recitare insieme un\u2019Ave Maria. Me la ricorder\u00f2! Roberto, un volontario\u201d. (Avvenire, 30 dic.2020) <\/span><\/span><br \/>\n<span style=\"color: #006400;\"><span style=\"font-size: 12px;\"><span style=\"font-family: verdana,geneva,sans-serif;\"><strong>3. Cavalieri della luce<\/strong><\/span><\/span><\/span><br \/>\n<span style=\"font-size: 11px;\"><span style=\"font-family: verdana,geneva,sans-serif;\">\u201cLa ricetta della gioia\u201d che salva i giovani dalle dipendenze. Per il suo straordinario contributo al recupero delle marginalit\u00e0 e fragilit\u00e0 sociali e al contrasto alle dipendenze. Questa \u00e8 la motivazione con la quale il Presidente della Repubblica Sergio Mattarella ha insignito Chiara Amirante, fondatrice e presidente della Comunit\u00e0 Nuovi Orizzonti, dell\u2019onorificenza a Ufficiale dell\u2019Ordine al Merito della Repubblica Italiana. Una notizia accolta con gioia nelle 6 \u201cCittadelle del Cielo\u201d, negli oltre 200 centri di accoglienza sparsi per il mondo e dai 700mila consacrati \u201cCavalieri della Luce\u201d. E non poteva essere diversamente, perch\u00e9 proprio la gioia \u00e8 il tratto distintivo di Nuovi Orizzonti, con il tipico saluto dei consacrati e degli amici che risuona da sempre con un \u201ce gioia sia\u201d . (Avvenire, 30 dicembre 2020, p.5) <\/span><\/span><\/p>\n<p><strong><span style=\"font-size: 12px;\"><span style=\"font-family: verdana,geneva,sans-serif;\">CAMMINO GIOVANI<\/span><\/span><\/strong><br \/>\n<span style=\"font-size: 11px;\"><span style=\"font-family: verdana,geneva,sans-serif;\">Da<\/span><\/span><span style=\"color: #b22222;\"><strong><span style=\"font-size: 12px;\"><span style=\"font-family: verdana,geneva,sans-serif;\"> luned\u00ec 24 agosto 2020<\/span><\/span><\/strong><\/span><span style=\"font-size: 11px;\"><span style=\"font-family: verdana,geneva,sans-serif;\"> a domenica 6 settembre il Gruppo Giovani, guidato da don Antonio,\u00a0 si porr\u00e0 sulle orme di san Francesco per un itinerario a piedi e con il cuore e la mente sul tema dell\u2019Incontro. L\u2019esperienza offerta a tutti i giovani della parrocchia e oltre partir\u00e0 da Monterotondo in Sabina e coprir\u00e0 il sentiero fino ad Assisi. Un fascicolo preparato su alcuni passi del Vangelo che raccontano esperienze di incontro di alcuni personaggi con Ges\u00f9 sar\u00e0 da stimolo alla riflessione e al confronto durante il cammino. Sullo sfondo ci sono gli incontri di san Francesco come quello di San Damiano, dove Ges\u00f9 manda Francesco a restaurare la sua C<\/span><\/span><a href=\"https:\/\/www.parrocchiadipraglia.it\/wp-content\/uploads\/2014\/02\/Cammino-giovani_agosto-2020.jpg\"><img decoding=\"async\" loading=\"lazy\" width=\"160\" height=\"268\" class=\"alignleft size-full wp-image-5760\" style=\"height: 73px; width: 44px;\" src=\"https:\/\/www.parrocchiadipraglia.it\/wp-content\/uploads\/2014\/02\/Cammino-giovani_agosto-2020.jpg\" alt=\"Cammino-giovani_agosto-2020\" \/><\/a><span style=\"font-size: 11px;\"><span style=\"font-family: verdana,geneva,sans-serif;\">hiesa e quello di Francesco con il Papa che riconosce il suo spirito evangelico e lo conferma nel suo intento. Dio benedica i passi dei nostri giovani e renda fecondi di grazia i loro progetti.<\/span><\/span><\/p>\n<hr \/>\n<p><strong><span style=\"font-family: verdana,geneva,sans-serif;\"><span style=\"font-size: 12px;\">Revolution Giovanissimi: &#8220;Fatto bene&#8221;<\/span><\/span><\/strong><br \/>\n<strong><span style=\"font-size: 12px;\"><span style=\"font-family: verdana,geneva,sans-serif;\"><span style=\"color: #b22222;\">Domenica 1 marzo 2020<\/span><\/span><\/span><\/strong><br \/>\n<span style=\"font-size: 11px;\"><span style=\"font-family: verdana,geneva,sans-serif;\">* Ritrovo: ore 9.30 al Villaggio della Giovent\u00f9 a Montagnana (Duomo)<br \/>\n* Accoglienza e saluti<br \/>\n* Proposte e attivit\u00e0 fino alle 12.30<br \/>\n* Pranzo (al sacco)<br \/>\n* S.Messa ore 13.30<br \/>\n* Termine indicativo per le 15.00<\/span><\/span><\/p>\n<hr \/>\n<p><a href=\"https:\/\/www.parrocchiadipraglia.it\/wp-content\/uploads\/2014\/02\/Cammino_Roma-Assisi_24ago-6set-2020.jpg\"><img decoding=\"async\" loading=\"lazy\" width=\"300\" height=\"204\" class=\"alignleft size-medium wp-image-5469\" style=\"height: 79px; width: 113px;\" src=\"https:\/\/www.parrocchiadipraglia.it\/wp-content\/uploads\/2014\/02\/Cammino_Roma-Assisi_24ago-6set-2020-300x204.jpg\" alt=\"Cammino_Roma-Assisi_24ago-6set-2020\" srcset=\"https:\/\/www.parrocchiadipraglia.it\/wp-content\/uploads\/2014\/02\/Cammino_Roma-Assisi_24ago-6set-2020-300x204.jpg 300w, https:\/\/www.parrocchiadipraglia.it\/wp-content\/uploads\/2014\/02\/Cammino_Roma-Assisi_24ago-6set-2020-440x300.jpg 440w, https:\/\/www.parrocchiadipraglia.it\/wp-content\/uploads\/2014\/02\/Cammino_Roma-Assisi_24ago-6set-2020.jpg 502w\" sizes=\"(max-width: 300px) 100vw, 300px\" \/><\/a><span style=\"font-size: 12px;\"><strong><span style=\"font-family: verdana,geneva,sans-serif;\">GRUPPO GIOVANI<\/span><\/strong><\/span><br \/>\n<span style=\"color: #b22222;\"><span style=\"font-size: 12px;\"><span style=\"font-family: verdana,geneva,sans-serif;\"><strong>Domenica 9 febbraio 2020<\/strong><\/span><\/span><\/span><span style=\"font-size: 11px;\"><span style=\"font-family: verdana,geneva,sans-serif;\"> alle ore 15.00 il Gruppo Giovani si incontrer\u00e0 per proseguire il cammino\/esperienza di condivisione del vissuto e dell\u2019ascolto reciproco. Esercizio di fraternit\u00e0 nell\u2019accoglienza senza giudizio e con vicinanza solidale. Nella parte finale dell\u2019incontro sar\u00e0 affrontata la programmazione del Cammino da Roma ad Assisi dal 24 agosto al 6 settembre. L\u2019esperienza \u00e8 aperta ai giovani dai 18 ai 35 anni.<\/span><\/span><\/p>\n<hr \/>\n<p><span style=\"font-size: 12px;\"><strong><span style=\"font-family: verdana,geneva,sans-serif;\">CAMMINO DI S. FRANCESCO 2<\/span><\/strong><\/span><br \/>\n<span style=\"color: #b22222;\"><span style=\"font-size: 12px;\"><span style=\"font-family: verdana,geneva,sans-serif;\"><strong>Domenica 19 gennaio 2020<\/strong><\/span><\/span><\/span><span style=\"font-size: 11px;\"><span style=\"font-family: verdana,geneva,sans-serif;\">, alle ore 15.00 Gruppo Giovani. Vivere le relazioni nella libert\u00e0: il coraggio di lasciare le dipendenze. In questo incontro sar\u00e0 presentata la proposta dell\u2019esperienza estiva e cio\u00e8 la seconda parte del cammino di san Francesco, da Roma ad Assisi. Verranno decise le date e assegnati i compiti per la pianificazione. Quanti son interessati all\u2019esperienza sono sempre ben accolti.<\/span><\/span><\/p>\n<hr \/>\n<p><span style=\"font-size: 12px;\"><span style=\"font-family: verdana,geneva,sans-serif;\"><strong>IN CAMMINO CON FRANCESCO<br \/>\nDa <span style=\"color: #b22222;\">sabato 17 <\/span>a <span style=\"color: #b22222;\">gioved\u00ec 29 agosto 2019<\/span><\/strong><\/span><\/span><span style=\"font-size: 11px;\"><span style=\"font-family: verdana,geneva,sans-serif;\"> un gruppo di 26 giovani poseranno le proprie orme sul Cammino di san Francesco, dalla Verna ad Assisi. Alle ore 7.00 del giorno previsto per l\u2019avvio i nostri ragazzi riceveranno il tau e la benedizione dal rev.do p. abate Stefano in basilica a Praglia. Saranno anche timbrate e consegnate a ciascuno le credenziali del cammino. Il tema che li accompagner\u00e0 nell\u2019itinerario interiore di tappa in tappa sar\u00e0 il coraggio della gioia. \u201cFrancesco di Assisi ha fatto della vita un vero cammino alla ricerca del senso profondo dell\u2019esistenza. Ha dovuto affrontare le sue paure e trovare il coraggio per cambiare e dirigersi verso la gioia di vivere, donando se stesso e la sua vita per amore dei suoi fratelli. Un cammino nel quale ha lasciato ogni falsa sicurezza riposta nelle cose materiali per abbracciare la vera sicurezza che vince ogni paura: l\u2019amore libero, essenziale vissuto nel dono di s\u00e9 senza temere la spogliazione, la nudit\u00e0, la povert\u00e0. Anzi, coltivando il coraggio di vedere nel limite umano una grande opportunit\u00e0, quella di superare se stesso per crescere in una dimensione pi\u00f9 che umana che si nasconde nell\u2019umilt\u00e0. Cos\u00ec ha potuto vedere ogni cosa non come propriet\u00e0 ma come dono di cui ringraziare Dio e da donare\u201d (dal libretto preparato per il cammino). S\u00ec, cercare per trovare la Via vuole impegno e la gioia \u00e8 il premio.<\/span><\/span><\/p>\n<hr \/>\n<p><span style=\"font-size: 12px;\"><strong><span style=\"font-family: verdana,geneva,sans-serif;\">TORTE GIOVANISSIMI<\/span><\/strong><\/span><br \/>\n<span style=\"color: #b22222;\"><span style=\"font-size: 12px;\"><span style=\"font-family: verdana,geneva,sans-serif;\"><strong>Domenica 10 marzo 2019<\/strong><\/span><\/span><\/span><span style=\"font-size: 11px;\"><span style=\"font-family: verdana,geneva,sans-serif;\"> alla fine della s. messa parrocchiale il gruppo dei Giovanissimi ha organizzato una vendita di torte fatte in casa per sostenere le loro attivit\u00e0 estive.<\/span><\/span><\/p>\n<hr \/>\n<p><a href=\"https:\/\/www.parrocchiadipraglia.it\/wp-content\/uploads\/2014\/02\/La_Verna.jpg\"><img decoding=\"async\" loading=\"lazy\" width=\"242\" height=\"132\" class=\"alignleft size-full wp-image-4991\" style=\"height: 55px; width: 96px;\" src=\"https:\/\/www.parrocchiadipraglia.it\/wp-content\/uploads\/2014\/02\/La_Verna.jpg\" alt=\"La_Verna\" \/><\/a><strong><span style=\"font-family: verdana,geneva,sans-serif;\">GIOVANI DA LA VERNA AD ASSISI<\/span><\/strong><br \/>\n<span style=\"color: #b22222;\"><span style=\"font-size: 12px;\"><span style=\"font-family: verdana,geneva,sans-serif;\"><strong>Domenica 10 marzo 2019<\/strong><\/span><\/span><\/span><span style=\"font-size: 11px;\"><span style=\"font-family: verdana,geneva,sans-serif;\"> alle ore 15.00 a Praglia il gruppo Giovani si riunir\u00e0 per l\u2019incontro di formazione e di preparazione all\u2019esperienza estiva, la proposta del cammino di San Francesco da La Verna ad Assisi dal 18 al 28 agosto. <\/span><\/span><span style=\"font-size: 11px;\"><span style=\"font-family: verdana,geneva,sans-serif;\">Il tema sar\u00e0 \u201cil coraggio di vivere con gioia\u201d secondo l\u2019esperienza di Francesco di Assisi. Una intensa esperienza di fraternit\u00e0 e di condivisione nel cammino e nel confronto con le creature.<\/span><\/span><br \/>\n<em><span style=\"font-size: 11px;\"><span style=\"font-family: verdana,geneva,sans-serif;\"><strong>Info:<\/strong> Toresan Mauro 3203672266<\/span><\/span><\/em><\/p>\n<hr \/>\n<p><strong><span style=\"font-size: 12px;\"><span style=\"font-family: verdana,geneva,sans-serif;\">CAMPO MOBILE GIOVANISSIMI 2018<\/span><\/span><\/strong><br \/>\n<span style=\"font-size: 11px;\"><span style=\"font-family: verdana,geneva,sans-serif;\">Quest\u2019anno non ci sar\u00e0 un camposcuola per i giovanissimi ma un cammino dal <\/span><\/span><span style=\"color: #b22222;\"><strong><span style=\"font-size: 12px;\"><span style=\"font-family: verdana,geneva,sans-serif;\">16 al 19 agosto 2018<\/span><\/span><\/strong><\/span><span style=\"font-size: 11px;\"><span style=\"font-family: verdana,geneva,sans-serif;\">. Il cammino diventa la scuola di vita all\u2019insegna dell\u2019avventura e della scoperta.\u00a0 Gli obbiettivi sono:<\/span><\/span><br \/>\n<span style=\"font-size: 11px;\"><span style=\"font-family: verdana,geneva,sans-serif;\"><strong>1<\/strong>.\u00a0 La strada come percorso verso la libert\u00e0.<\/span><\/span><br \/>\n<span style=\"font-size: 11px;\"><span style=\"font-family: verdana,geneva,sans-serif;\"><strong>2<\/strong>.\u00a0 Il gruppo come luogo in cui sentirsi liberi.<\/span><\/span><br \/>\n<span style=\"font-size: 11px;\"><span style=\"font-family: verdana,geneva,sans-serif;\"><strong>3<\/strong>.\u00a0 L\u2019amicizia quale relazione per costruire un\u2019 avventura.<\/span><\/span><br \/>\n<a href=\"https:\/\/www.parrocchiadipraglia.it\/wp-content\/uploads\/2014\/02\/Campo-Issimi-2018.jpg\"><img decoding=\"async\" loading=\"lazy\" width=\"243\" height=\"191\" class=\"alignleft size-full wp-image-4512\" style=\"height: 52px; width: 65px;\" src=\"https:\/\/www.parrocchiadipraglia.it\/wp-content\/uploads\/2014\/02\/Campo-Issimi-2018.jpg\" alt=\"Campo Issimi 2018\" \/><\/a><span style=\"font-size: 11px;\"><span style=\"font-family: verdana,geneva,sans-serif;\">Il cammino si svolge in Lessinia provincia di Verona e prevede una media di 6 ore al giorno di camminata. Alcune notti saranno in tenda, altre in rifugio. Le cene saranno in rifugio, i pranzi saranno al sacco.<\/span><\/span><br \/>\n<span style=\"font-size: 11px;\"><span style=\"font-family: verdana,geneva,sans-serif;\">Un furgone seguir\u00e0 il cammino portando tende, sacchi a pelo, vestiario e rifornimento vari. <\/span><\/span><br \/>\n<strong><span style=\"font-size: 11px;\"><span style=\"font-family: verdana,geneva,sans-serif;\">La spesa si aggira sui 150 \u20ac<\/span><\/span><\/strong><br \/>\n<em><span style=\"font-size: 11px;\"><span style=\"font-family: verdana,geneva,sans-serif;\"><strong>Info<\/strong>: Damiano Rampazzo 3484736369<\/span><\/span><\/em><\/p>\n<hr \/>\n<p><a href=\"https:\/\/www.parrocchiadipraglia.it\/wp-content\/uploads\/2014\/02\/AC-2017-18.jpg\"><img decoding=\"async\" loading=\"lazy\" width=\"150\" height=\"150\" class=\"alignleft size-thumbnail wp-image-4088\" style=\"height: 54px; width: 57px;\" src=\"https:\/\/www.parrocchiadipraglia.it\/wp-content\/uploads\/2014\/02\/AC-2017-18-150x150.jpg\" alt=\"AC 2017-18\" \/><\/a><span style=\"font-size: 12px;\"><span style=\"font-family: verdana,geneva,sans-serif;\"><strong>Raccolta AC 2017-18<\/strong><\/span><\/span><br \/>\n<span style=\"font-size: 11px;\"><span style=\"font-family: verdana,geneva,sans-serif;\">Tempo di raccolta per l\u2019Azione Cattolica che propone il Tesseramento aperto a tutte le et\u00e0. Il tesseramento costituisce un atto importante che segna l\u2019adesione e l\u2019appartenenza ad un progetto di servizio prezioso per la comunit\u00e0 intera. Inoltre offre mezzi, tempi ed eventi a cui attingere esperienza e opportunit\u00e0 di crescita e di condivisione. Esso \u00e8 anche il modo per sostenere l\u2019Associazione nel suo servizio e nella sua presenza nella nostra comunit\u00e0.<\/span><\/span><br \/>\n<em><span style=\"font-size: 12px;\"><span style=\"font-family: verdana,geneva,sans-serif;\">Bambini e ragazzi fino ai 13 anni: \u20ac 13<\/span><br \/>\n<span style=\"font-family: verdana,geneva,sans-serif;\">Giovanissimi da 14 a 17 anni:\u00a0\u00a0\u00a0\u00a0 \u00a0\u20ac 16<\/span><br \/>\n<span style=\"font-family: verdana,geneva,sans-serif;\">Giovani da 18 a 29 anni:\u00a0\u00a0\u00a0\u00a0\u00a0\u00a0\u00a0\u00a0\u00a0\u00a0\u00a0 \u00a0\u20ac 20<\/span><\/span><br \/>\n<span style=\"font-family: verdana,geneva,sans-serif;\">Adulti dai 30 anni e oltre:\u00a0\u00a0\u00a0\u00a0\u00a0\u00a0\u20ac 28<\/span><br \/>\n<strong><span style=\"font-size: 11px;\"><span style=\"font-family: verdana,geneva,sans-serif;\">Info.:\u00a0\u00a0<\/span><\/span><\/strong><span style=\"font-family: verdana,geneva,sans-serif;\">Ilenia 3421107904 &#8211; <\/span><span style=\"font-family: verdana,geneva,sans-serif;\">Laura 3455920662<\/span><\/em><\/p>\n<hr \/>\n<p><span style=\"font-size: 12px;\"><strong><span style=\"font-family: verdana,geneva,sans-serif;\">CAMPO GIOVANISSIMI 2017<\/span><\/strong><\/span><br \/>\n<a href=\"https:\/\/www.parrocchiadipraglia.it\/wp-content\/uploads\/2014\/02\/Pietro_Selva.jpg\"><img decoding=\"async\" loading=\"lazy\" width=\"150\" height=\"118\" class=\"alignleft size-thumbnail wp-image-3869\" style=\"height: 33px; width: 62px;\" src=\"https:\/\/www.parrocchiadipraglia.it\/wp-content\/uploads\/2014\/02\/Pietro_Selva-150x118.jpg\" alt=\"Pietro_Selva\" \/><\/a><span style=\"color: #b22222;\"><strong><span style=\"font-size: 11px;\"><span style=\"font-family: verdana,geneva,sans-serif;\">Il tema<\/span><\/span><\/strong><\/span><br \/>\n<span style=\"font-size: 11px;\"><span style=\"font-family: verdana,geneva,sans-serif;\">Questo campo, con l\u2019assistenza di don Antonio, sar\u00e0 un opportunit\u00e0 per accrescere l\u2019autonomia, la capacit\u00e0 progettuale e decisionale. In campo per imparare il senso della responsabilit\u00e0 ed essere autenticamente liberi:<\/span><\/span><br \/>\n<span style=\"font-size: 11px;\"><span style=\"font-family: verdana,geneva,sans-serif;\">Liberi da ogni dipendenza &#8230;<\/span><\/span><br \/>\n<span style=\"font-size: 11px;\"><span style=\"font-family: verdana,geneva,sans-serif;\">Liberi con le proprie risorse \u2026<\/span><\/span><br \/>\n<span style=\"font-size: 11px;\"><span style=\"font-family: verdana,geneva,sans-serif;\">Liberi per un progetto \u2026<\/span><\/span><br \/>\n<a href=\"https:\/\/www.parrocchiadipraglia.it\/wp-content\/uploads\/2014\/02\/Pietro_Selva_2.jpg\"><img decoding=\"async\" loading=\"lazy\" width=\"129\" height=\"150\" class=\"alignleft size-thumbnail wp-image-3868\" style=\"height: 44px; width: 39px;\" src=\"https:\/\/www.parrocchiadipraglia.it\/wp-content\/uploads\/2014\/02\/Pietro_Selva_2-129x150.jpg\" alt=\"Pietro_Selva_2\" \/><\/a> <span style=\"color: #b22222;\"><strong><span style=\"font-size: 11px;\"><span style=\"font-family: verdana,geneva,sans-serif;\">Il luogo<\/span><\/span><\/strong><\/span><br \/>\n<span style=\"font-size: 11px;\"><span style=\"font-family: verdana,geneva,sans-serif;\">San Pietro in Selva, paesino a 300 m. nel cuore dell\u2019Istria croata, ospiti della comunit\u00e0 dei monaci di San Paolo Eremita guidata da P. Eusebio. Luogo verdeggiante e tranquillo circondato da boschi e colline punteggiate da borghi e paesini.<\/span><\/span><\/p>\n<p><span style=\"color: #006400;\"><span style=\"font-size: 12px;\"><strong><span style=\"font-family: verdana,geneva,sans-serif;\">Le attivit\u00e0<\/span><\/strong><\/span><\/span><br \/>\n<span style=\"font-size: 11px;\"><span style=\"font-family: verdana,geneva,sans-serif;\"><em>Primo giorno:<\/em> contatto con l\u2019ambiente, sapersi adattare alla situazione lasciando ogni dipendenza acquisita;<\/span><\/span><br \/>\n<span style=\"font-size: 11px;\"><span style=\"font-family: verdana,geneva,sans-serif;\"><em>Secondo giorno:<\/em> giornata dell\u2019acqua, contattare le emozioni liberi dalle paure per essere e sentirsi OK;<\/span><\/span><br \/>\n<span style=\"font-size: 11px;\"><span style=\"font-family: verdana,geneva,sans-serif;\"><em>Terzo giorno:<\/em> escursione etnologica, la scoperta della diversit\u00e0 come ricchezza e possibilit\u00e0 di accrescimento dell\u2019esperienza e della conoscenza;<\/span><\/span><br \/>\n<span style=\"font-size: 11px;\"><span style=\"font-family: verdana,geneva,sans-serif;\"><em>Quarto giorno:<\/em> l\u2019arte della quiete, saper stare con se stessi in pace con tutto;<\/span><\/span><br \/>\n<span style=\"font-size: 11px;\"><span style=\"font-family: verdana,geneva,sans-serif;\"><em>Quinto giorno:<\/em> sosta nella natura; la natura come risorsa della persona e della comunit\u00e0, da conoscere, tutelare e vivere;<\/span><\/span><br \/>\n<span style=\"font-size: 11px;\"><span style=\"font-family: verdana,geneva,sans-serif;\"><em>Sesto giorno:<\/em> scendere in profondit\u00e0, individuare le strutture portanti di un progetto di vita per orientare le proprie risorse verso l\u2019obiettivo;<\/span><\/span><br \/>\n<span style=\"font-size: 11px;\"><span style=\"font-family: verdana,geneva,sans-serif;\"><em>Settimo giorno:<\/em> incontro con gli eremiti, i progetti e le scelte dell\u2019impossibile per essere originali e non fotocopie;<\/span><\/span><br \/>\n<span style=\"font-size: 11px;\"><span style=\"font-family: verdana,geneva,sans-serif;\"><em>Ottavo giorno:<\/em> ritorno a casa, alla realt\u00e0 del quotidiano per misurarsi con la concretezza. <\/span><\/span><br \/>\n<span style=\"font-size: 11px;\"><span style=\"font-family: verdana,geneva,sans-serif;\"><strong><u><em>Per informazioni:<\/em><\/u><\/strong> Tommaso &#8211; 3473750489<\/span><\/span><span style=\"font-size: 11px;\"><span style=\"font-family: verdana,geneva,sans-serif;\">;\u00a0 Davide &#8211;\u00a03475991042<\/span><\/span><\/p>\n<hr \/>\n<p><a href=\"https:\/\/www.parrocchiadipraglia.it\/wp-content\/uploads\/2014\/02\/Giovani_riconciliazione.jpg\"><img decoding=\"async\" loading=\"lazy\" width=\"225\" height=\"150\" class=\"alignleft size-full wp-image-3254\" style=\"height: 55px; width: 81px;\" src=\"https:\/\/www.parrocchiadipraglia.it\/wp-content\/uploads\/2014\/02\/Giovani_riconciliazione.jpg\" alt=\"Giovani_riconciliazione\" \/><\/a><span style=\"font-size: 12px;\"><strong><span style=\"font-family: verdana,geneva,sans-serif;\">INCONTRO GIOVANI<\/span><\/strong><\/span><br \/>\n<span style=\"font-size: 11px;\"><span style=\"font-family: verdana,geneva,sans-serif;\"><span style=\"color: #b22222;\"><span style=\"font-size: 12px;\"><strong>Domenica 22 gennaio 2017<\/strong><\/span><\/span> alle ore 15.00, incontro del gruppo giovani sul tema La riconciliazione: 12 passi verso il perdono autentico. In questo primo incontro del nuovo anno sar\u00e0 presentato anche il progetto per l\u2019estate: sulle orme di San Paolo. Il cammino di riconciliazione diventa sequela del Signore alla luce del cammino del vangelo\u00a0 portato da san Paolo a tutti gli uomini.<\/span><\/span><\/p>\n<hr \/>\n<p><strong><span style=\"font-size: 12px;\"><span style=\"font-family: verdana,geneva,sans-serif;\">Campo Invernale medie e giovanissimi<\/span><\/span><\/strong><br \/>\n<span style=\"font-size: 11px;\"><span style=\"font-family: verdana,geneva,sans-serif;\"><span style=\"font-size: 12px;\"><span style=\"color: #b22222;\"><strong>Marted\u00ec 3 gennaio 2017<\/strong><\/span>\u00a0<\/span>partono i campi invernali dei ragazzi delle medie e dei giovanissimi a Ludaria di Rigolato in provincia di Udine. Si concluderanno il 6 gennaio, giorno dell\u2019Epifania, per riprendere il cammino a Praglia con nuove risorse e nuovi obiettivi. Un vero dono nel cammino dell\u2019inverno, anzi una sosta, sperando di trovare la neve, per condividere momenti intensi e indimenticabili. Nella stessa casa ma con attivit\u00e0 e programmi distinti, i ragazzi e i giovanissimi con i rispettivi animatori, proseguiranno il cammino iniziato da tempo aggiungendo un nuovo tassello al progetto di vita e di amicizia che accomuna tutti.<\/span><\/span><\/p>\n<hr \/>\n<p>&nbsp;<\/p>\n<p><a style=\"line-height: 20px;\" href=\"https:\/\/www.parrocchiadipraglia.it\/wp-content\/uploads\/2014\/02\/Campo_giovanissimi_8-14_ago-2016.gif\"><img decoding=\"async\" loading=\"lazy\" width=\"150\" height=\"150\" class=\"alignleft size-thumbnail wp-image-2888\" style=\"height: 76px; width: 76px;\" src=\"https:\/\/www.parrocchiadipraglia.it\/wp-content\/uploads\/2014\/02\/Campo_giovanissimi_8-14_ago-2016-150x150.gif\" alt=\"Campo_giovanissimi_8-14_ago-2016\" \/><\/a><\/p>\n<p><span style=\"font-size: 12px;\"><strong><span style=\"font-family: verdana,geneva,sans-serif;\">Giovanissimi a Boniprati (TN)<\/span><\/strong><\/span><br \/>\n<span style=\"font-size: 11px;\"><span style=\"font-family: verdana,geneva,sans-serif;\"><span style=\"color: #b22222;\"><span style=\"font-size: 12px;\"><strong>Luned\u00ec 8 agosto 2016<\/strong><\/span><\/span> ha inizio il campo scuola dei giovani dei primi anni delle superiori della nostra parrocchia. Sono una ventina, accompagnati da 3 animatori con l\u2019assistenza di un cuoco e di don Antonio. Il campo giovanissimi \u00e8 molto importante per la costruzione della comunit\u00e0. L\u2019esperienza di vivere insieme, di gustare l\u2019amicizia nella\u00a0<\/span><\/span><\/p>\n<p><span style=\"font-size: 11px;\"><span style=\"font-family: verdana,geneva,sans-serif;\">gratuit\u00e0 e nel servizio reciproco, la riflessione e l\u2019avventura sono elementi di grande valore che creano identit\u00e0\u00a0 e aggregano. Gli animatori hanno lavorato sodo per preparare una esperienza bella, gioiosa e significativa.<\/span><\/span><\/p>\n<p><strong><span style=\"font-size: 11px;\"><span style=\"font-family: verdana,geneva,sans-serif;\">Stare con se stessi<\/span><\/span><\/strong><br \/>\n<span style=\"font-size: 11px;\"><span style=\"font-family: verdana,geneva,sans-serif;\">Il tema del campo \u00e8 incentrato sulle relazioni. In particolare sulla\u00a0 capacit\u00e0 di relazione con se stessi. Quello che la psicologia definisce relazione, Ges\u00f9 lo chiama amore. Amare Dio con tutta la mente, con tutto il cuore e con tutte le forze e il prossimo come se stessi richiama ad una piena unit\u00e0 interiore. Dalla conoscenza delle proprie possibilit\u00e0 e dei sabotatori interiori, ciascuno pu\u00f2 crescere nella fiducia in se stesso che si riflette nella fiducia negli altri, nella vita e in Dio.<\/span><\/span><\/p>\n<p><strong><span style=\"font-size: 11px;\"><span style=\"font-family: verdana,geneva,sans-serif;\">Boniprati di Castel Condino (TN)<\/span><\/span><\/strong><br \/>\n<span style=\"font-size: 11px;\"><span style=\"font-family: verdana,geneva,sans-serif;\">Il luogo del campo \u00e8 Bonoprati di Castel Condino in provincia di Trento. Qui si \u00e8 gi\u00e0 svolto il campo 2015. A Mille metri, in mezzo ai prati, il piccolo maso si era rivelato ottima struttura per un gruppo contenuto come questo e pertanto si \u00e8 tornati. Il luogo permette grandi escursioni per esperienze forti e costruttive. In programma c\u2019 una uscita nelle malghe di alta montagna e nel percorso delle trincee della grande guerra. Protagonisti del campo restano loro, i giovanissimi.<\/span><\/span><\/p>\n<hr \/>\n<p><a href=\"https:\/\/www.parrocchiadipraglia.it\/wp-content\/uploads\/2014\/02\/Cortela_16-17_aprile-2016.jpg\"><img decoding=\"async\" loading=\"lazy\" width=\"224\" height=\"300\" class=\"alignleft size-medium wp-image-2594\" style=\"height: 73px; width: 55px;\" src=\"https:\/\/www.parrocchiadipraglia.it\/wp-content\/uploads\/2014\/02\/Cortela_16-17_aprile-2016-224x300.jpg\" alt=\"Cortela_16-17_aprile 2016\" srcset=\"https:\/\/www.parrocchiadipraglia.it\/wp-content\/uploads\/2014\/02\/Cortela_16-17_aprile-2016-224x300.jpg 224w, https:\/\/www.parrocchiadipraglia.it\/wp-content\/uploads\/2014\/02\/Cortela_16-17_aprile-2016.jpg 330w\" sizes=\"(max-width: 224px) 100vw, 224px\" \/><\/a><span style=\"font-size: 12px;\"><strong><span style=\"font-family: verdana,geneva,sans-serif;\">I GIOVANISSIMI a Cortela\u2019<\/span><\/strong><\/span><br \/>\n<span style=\"font-size: 11px;\"><span style=\"font-family: verdana,geneva,sans-serif;\"><span style=\"font-size: 12px;\"><strong><span style=\"color: #b22222;\">16-17 aprile 2016<\/span> <\/strong><\/span>&#8211; L\u2019esperienza consiste in una convivenza nella casa parrocchiale di Cortel\u00e0 di V\u00f2 (PD) all\u2019insegna dell\u2019amicizia, della conoscenza di s\u00e9, del gioco e della solidariet\u00e0 di gruppo.<\/span><\/span><br \/>\n<span style=\"font-size: 11px;\"><span style=\"font-family: verdana,geneva,sans-serif;\">I raga<\/span><\/span><span style=\"font-size: 11px;\"><span style=\"font-family: verdana,geneva,sans-serif;\">zzi hanno l\u2019opportunit\u00e0 di sperimentare la responsabilit\u00e0 e l\u2019impegno sul piano organizzativo e operativo.<\/span><\/span><br \/>\n<span style=\"font-size: 11px;\"><span style=\"font-family: verdana,geneva,sans-serif;\">Il luogo favorir\u00e0 un clima di riflessione e alcuni momenti di preghiera.<\/span><\/span><\/p>\n<hr \/>\n<p><span style=\"font-size: 11px;\"><span style=\"font-family: verdana,geneva,sans-serif;\"><strong><span style=\"font-size: 12px;\">A Tonezza medie e giovanissimi<\/span><\/strong><\/span><\/span><br \/>\n<span style=\"font-size: 11px;\"><span style=\"font-family: verdana,geneva,sans-serif;\">Dal <span style=\"color: #b22222;\"><strong>2 al 4 gennaio 2016<\/strong><\/span> i ragazzi delle medie e i giovanissimi hanno formato un gruppo di 50 persone pi\u00f9 gli animatori e le persone ausiliarie e per il campo invernale di Tonezza del Cimone (VI). Accolti dalla neve hanno vissuto un momento di conoscenza, di amicizia\u00a0 e di confronto sui temi delle relazioni e delle emozioni rese vive e positive dai giochi e dalle diverse attivit\u00e0.<\/span><\/span><br \/>\n<em><strong><span style=\"font-size: 11px;\"><span style=\"font-family: verdana,geneva,sans-serif;\">Un caro saluto e un cordiale augurio di buon anno!<\/span><\/span><\/strong><\/em><\/p>\n<hr \/>\n<p><span style=\"font-size: 11px;\"><span style=\"font-family: verdana,geneva,sans-serif;\"><strong><span style=\"font-size: 12px;\">Giovani in relazione<\/span><\/strong><\/span><\/span><br \/>\n<span style=\"font-size: 11px;\"><span style=\"font-family: verdana,geneva,sans-serif;\"><span style=\"color: #b22222;\"><span style=\"font-size: 12px;\"><strong>Il 15 gennaio 2016, alle 20.45<\/strong><\/span><\/span> in patronato, incontro del gruppo giovani sul grande tema delle relazioni. Ci\u00f2 che ci rinchiude nel mondo dell\u2019isolamento e della solitudine, ci\u00f2 che ci rende infelici sono le nostre paure. Principalmente la paura di quanto ci circonda. Affrontare il mondo nelle espressioni pi\u00f9 quotidiane, nelle relazioni con le persone di casa e di \u201ccammino\u201d ci aiuta ad uscire dalla paura e di scoprire tutta la ricchezza di risorse e di bellezza di cui disponiamo per essere un dono stupendo per gli altri e per noi stessi. \u00a0<\/span><\/span><\/p>\n<hr \/>\n<p><a href=\"https:\/\/www.parrocchiadipraglia.it\/wp-content\/uploads\/2014\/02\/Campo_invernale_gen-2016.jpg\"><img decoding=\"async\" loading=\"lazy\" width=\"300\" height=\"300\" class=\"alignleft size-medium wp-image-2143\" style=\"height: 110px; width: 110px;\" src=\"https:\/\/www.parrocchiadipraglia.it\/wp-content\/uploads\/2014\/02\/Campo_invernale_gen-2016-300x300.jpg\" alt=\"Campo_invernale_gen-2016\" srcset=\"https:\/\/www.parrocchiadipraglia.it\/wp-content\/uploads\/2014\/02\/Campo_invernale_gen-2016-300x300.jpg 300w, https:\/\/www.parrocchiadipraglia.it\/wp-content\/uploads\/2014\/02\/Campo_invernale_gen-2016-150x150.jpg 150w, https:\/\/www.parrocchiadipraglia.it\/wp-content\/uploads\/2014\/02\/Campo_invernale_gen-2016.jpg 497w\" sizes=\"(max-width: 300px) 100vw, 300px\" \/><\/a><span style=\"font-size: 12px;\"><strong><span style=\"font-family: verdana,geneva,sans-serif;\">Campo invernale <\/span><br \/>\n<span style=\"color: #b22222;\"><span style=\"font-family: verdana,geneva,sans-serif;\">2-4 gennaio 2016<\/span><\/span><\/strong><\/span><br \/>\n<span style=\"font-size: 11px;\"><span style=\"font-family: verdana,geneva,sans-serif;\">In cerca di&#8230; relazioni&#8230; emozioni&#8230; contatti&#8230; perle preziose \u2026. <strong><em>iscrizioni fino al 23.12.2015<\/em><\/strong><\/span><\/span><br \/>\n<span style=\"font-size: 11px;\"><span style=\"font-family: verdana,geneva,sans-serif;\">Continua il cammino di ricerca di ci\u00f2 che fa bella, luminosa, preziosa la vita. La ricerca di sguardi e di relazioni colme di emozioni vissute insieme nel gioco, nella libert\u00e0 di essere se stessi, nel confronto, nell&#8217;accoglienza reciproca e nella condivisione del servizio.<\/span><\/span><br \/>\n<span style=\"font-size: 11px;\"><span style=\"font-family: verdana,geneva,sans-serif;\">Un abbraccio vuol dire \u201cTu non sei una minaccia. Non ho paura di starti cos\u00ec vicino. Posso rilassarmi, sentirmi a casa. Sono protetto, e qualcuno mi comprende\u201d. La tradizione dice che quando abbracciamo qualcuno in modo sincero, guadagniamo un giorno di vita. (PAULO COELHO)<\/span><\/span><br \/>\n<span style=\"font-size: 11px;\"><span style=\"font-family: verdana,geneva,sans-serif;\">\u201cQuando guardo un tramonto e mi emoziono, non mi domando a che velocit\u00e0 gira la terra o a che distanza \u00e8 il sole o quanto sono grandi&#8230; Amo quel momento. Punto. Non c&#8217;\u00e8 da capire, c&#8217;\u00e8 da amare.\u201d\u00a0<em>(Fabio Volo)<\/em><\/span><\/span><br \/>\n<span style=\"font-size: 11px;\"><span style=\"font-family: verdana,geneva,sans-serif;\">\u201cSe guardi in cielo e fissi una stella, se senti dei brividi sotto la pelle, non coprirti, non cercare calore, non \u00e8 freddo ma \u00e8 solo amore.\u201d<\/span><\/span> <em><span style=\"font-size: 11px;\"><span style=\"font-family: verdana,geneva,sans-serif;\">(Khalil Gibran)<\/span><\/span><\/em><br \/>\n<span style=\"font-size: 11px;\"><span style=\"font-family: verdana,geneva,sans-serif;\"><strong>Quota di partecipazione<\/strong>: 80\u20ac (70\u20ac per fratelli)<\/span><\/span><br \/>\n<span style=\"font-size: 11px;\"><span style=\"font-family: verdana,geneva,sans-serif;\">Modulo Iscrizione, liberatoria, Copia della Carta d&#8217;Identit\u00e0 e Saldo saranno da consegnare agli animatori responsabili del proprio gruppo entro il <strong><em>23 Dicembre 2015<\/em><\/strong>.<\/span><\/span><br \/>\n<span style=\"font-size: 11px;\"><span style=\"font-family: verdana,geneva,sans-serif;\"><strong>NUMERI UTILI:\u00a0\u00a0\u00a0\u00a0\u00a0<\/strong>\u00a0\u00a0\u00a0<\/span><\/span><br \/>\n<span style=\"font-size: 11px;\"><span style=\"font-family: verdana,geneva,sans-serif;\"><strong>MEDIE: <\/strong>\u00a0\u00a0\u00a0\u00a0\u00a0\u00a0\u00a0\u00a0 Elena: \u00a0 \u00a0\u00a0\u00a0\u00a0 349 5725086;<\/span><\/span><br \/>\n<span style=\"font-size: 11px;\"><span style=\"font-family: verdana,geneva,sans-serif;\">\u00a0\u00a0\u00a0\u00a0\u00a0\u00a0\u00a0\u00a0\u00a0\u00a0 \u00a0\u00a0\u00a0\u00a0\u00a0\u00a0\u00a0\u00a0\u00a0\u00a0 Damiano:\u00a0 348 4736369<\/span><\/span><br \/>\n<strong><span style=\"font-size: 11px;\"><span style=\"font-family: verdana,geneva,sans-serif;\">GIOVANISSIMI:<\/span><\/span><\/strong>\u00a0<span style=\"font-size: 11px;\"><span style=\"font-family: verdana,geneva,sans-serif;\">\u00a0 Alberto Ghiotto: \u00a0\u00a0\u00a0 331 3378855;<\/span><\/span><br \/>\n<span style=\"font-size: 11px;\"><span style=\"font-family: verdana,geneva,sans-serif;\">\u00a0\u00a0\u00a0\u00a0\u00a0\u00a0\u00a0\u00a0\u00a0\u00a0 \u00a0\u00a0\u00a0\u00a0\u00a0\u00a0\u00a0\u00a0\u00a0\u00a0\u00a0\u00a0\u00a0\u00a0\u00a0\u00a0 Ylenia Rampazzo:\u00a0 342 1107904<\/span><\/span><\/p>\n<p>&nbsp;<\/p>\n","protected":false},"excerpt":{"rendered":"<p>Gruppo giovani. Prossimo appuntamento luned\u00ec 9 marzo 2026. Il gruppo \u00e8 un luogo importante per maturare insieme e irrobustire percorsi di crescita. Gruppo giovanissimi. Quest\u2019anno vorremmo fare una proposta diversa di campo estivo: un campo itinerante, a piedi. Invitiamo i &hellip; <a href=\"https:\/\/www.parrocchiadipraglia.it\/?page_id=189\">Continue reading <span class=\"meta-nav\">&rarr;<\/span><\/a><\/p>\n","protected":false},"author":1,"featured_media":0,"parent":0,"menu_order":0,"comment_status":"closed","ping_status":"open","template":"sidebar-page.php","meta":[],"_links":{"self":[{"href":"https:\/\/www.parrocchiadipraglia.it\/index.php?rest_route=\/wp\/v2\/pages\/189"}],"collection":[{"href":"https:\/\/www.parrocchiadipraglia.it\/index.php?rest_route=\/wp\/v2\/pages"}],"about":[{"href":"https:\/\/www.parrocchiadipraglia.it\/index.php?rest_route=\/wp\/v2\/types\/page"}],"author":[{"embeddable":true,"href":"https:\/\/www.parrocchiadipraglia.it\/index.php?rest_route=\/wp\/v2\/users\/1"}],"replies":[{"embeddable":true,"href":"https:\/\/www.parrocchiadipraglia.it\/index.php?rest_route=%2Fwp%2Fv2%2Fcomments&post=189"}],"version-history":[{"count":24,"href":"https:\/\/www.parrocchiadipraglia.it\/index.php?rest_route=\/wp\/v2\/pages\/189\/revisions"}],"predecessor-version":[{"id":8454,"href":"https:\/\/www.parrocchiadipraglia.it\/index.php?rest_route=\/wp\/v2\/pages\/189\/revisions\/8454"}],"wp:attachment":[{"href":"https:\/\/www.parrocchiadipraglia.it\/index.php?rest_route=%2Fwp%2Fv2%2Fmedia&parent=189"}],"curies":[{"name":"wp","href":"https:\/\/api.w.org\/{rel}","templated":true}]}}